{"id":2669,"date":"2024-01-20T09:53:08","date_gmt":"2024-01-20T06:53:08","guid":{"rendered":"https:\/\/www.markelinsomppi.fi\/?page_id=2669"},"modified":"2026-02-04T00:27:58","modified_gmt":"2026-02-03T21:27:58","slug":"startsida","status":"publish","type":"page","link":"https:\/\/markelinco.fi\/sv\/","title":{"rendered":"Startsida"},"content":{"rendered":"\t\t<div data-elementor-type=\"wp-page\" data-elementor-id=\"2669\" class=\"elementor elementor-2669 elementor-2541\" data-elementor-post-type=\"page\">\n\t\t\t\t\t\t<section class=\"elementor-section elementor-top-section elementor-element elementor-element-363c1872 elementor-section-height-min-height elementor-section-full_width elementor-section-height-default elementor-section-items-middle\" data-id=\"363c1872\" data-element_type=\"section\" data-settings=\"{&quot;background_background&quot;:&quot;classic&quot;}\">\n\t\t\t\t\t\t\t<div class=\"elementor-background-overlay\"><\/div>\n\t\t\t\t\t\t\t<div class=\"elementor-container elementor-column-gap-default\">\n\t\t\t\t\t<div class=\"elementor-column elementor-col-100 elementor-top-column elementor-element elementor-element-62d6d564\" data-id=\"62d6d564\" data-element_type=\"column\">\n\t\t\t<div class=\"elementor-widget-wrap elementor-element-populated\">\n\t\t\t\t\t\t<div class=\"elementor-element elementor-element-4a96974d elementor-widget elementor-widget-image\" data-id=\"4a96974d\" data-element_type=\"widget\" data-widget_type=\"image.default\">\n\t\t\t\t<div class=\"elementor-widget-container\">\n\t\t\t\t\t\t\t\t\t\t\t\t\t<img decoding=\"async\" src=\"https:\/\/markelinco.fi\/wp-content\/uploads\/elementor\/thumbs\/markelin-co-stamp-rimmy7tpcl8dw6nwd3xketwu6x7aajx7298h00jcrg.png\" title=\"markelin-co-stamp\" alt=\"Markelin &amp; Co stamp\" loading=\"lazy\" \/>\t\t\t\t\t\t\t\t\t\t\t\t\t<\/div>\n\t\t\t\t<\/div>\n\t\t\t\t<div class=\"elementor-element elementor-element-474fe6ef elementor-widget elementor-widget-heading\" data-id=\"474fe6ef\" data-element_type=\"widget\" data-widget_type=\"heading.default\">\n\t\t\t\t<div class=\"elementor-widget-container\">\n\t\t\t<h1 class=\"elementor-heading-title elementor-size-large\">JURIDISK BYR\u00c5 MARKELIN &amp; CO<\/h1>\t\t<\/div>\n\t\t\t\t<\/div>\n\t\t\t\t<div class=\"elementor-element elementor-element-79ce03a9 elementor-hidden-phone elementor-widget elementor-widget-heading\" data-id=\"79ce03a9\" data-element_type=\"widget\" data-widget_type=\"heading.default\">\n\t\t\t\t<div class=\"elementor-widget-container\">\n\t\t\t<h2 class=\"elementor-heading-title elementor-size-large\">En tillf\u00f6rlitlig byr\u00e5 b\u00e5de f\u00f6r Dig och Ditt f\u00f6retag<\/h2>\t\t<\/div>\n\t\t\t\t<\/div>\n\t\t\t\t\t<\/div>\n\t\t<\/div>\n\t\t\t\t\t<\/div>\n\t\t<\/section>\n\t\t\t\t<section class=\"elementor-section elementor-top-section elementor-element elementor-element-56d12cc7 elementor-section-content-middle elementor-section-boxed elementor-section-height-default elementor-section-height-default\" data-id=\"56d12cc7\" data-element_type=\"section\" data-settings=\"{&quot;background_background&quot;:&quot;classic&quot;}\">\n\t\t\t\t\t\t<div class=\"elementor-container elementor-column-gap-default\">\n\t\t\t\t\t<div class=\"elementor-column elementor-col-50 elementor-top-column elementor-element elementor-element-1d174a95\" data-id=\"1d174a95\" data-element_type=\"column\">\n\t\t\t<div class=\"elementor-widget-wrap elementor-element-populated\">\n\t\t\t\t\t\t<div class=\"elementor-element elementor-element-24f257c6 elementor-widget elementor-widget-heading\" data-id=\"24f257c6\" data-element_type=\"widget\" data-widget_type=\"heading.default\">\n\t\t\t\t<div class=\"elementor-widget-container\">\n\t\t\t<h2 class=\"elementor-heading-title elementor-size-large\">Juridisk byr\u00e5 i Helsingfors \u2013 Markelin &amp; Co<\/h2>\t\t<\/div>\n\t\t\t\t<\/div>\n\t\t\t\t<div class=\"elementor-element elementor-element-6cc24ae elementor-widget elementor-widget-text-editor\" data-id=\"6cc24ae\" data-element_type=\"widget\" data-widget_type=\"text-editor.default\">\n\t\t\t\t<div class=\"elementor-widget-container\">\n\t\t\t\t\t\t\t<p>V\u00e5r juridiska byr\u00e5 Markelin &amp; Co betj\u00e4nar Dig p\u00e5 finska, svenska och engelska i hela huvudstadsregionen samt i Borg\u00e5 och Sibbo. Som v\u00e5r klient har Du f\u00f6rsta prioritet och vi sk\u00f6ter v\u00e5ra uppdrag professionellt och p\u00e5 b\u00e4sta m\u00f6jliga s\u00e4tt , vilket ocks\u00e5 bekr\u00e4ftas av den feedback vi f\u00e5tt. V\u00e5rt m\u00e4nniskon\u00e4ra f\u00f6rh\u00e5llningss\u00e4tt till v\u00e5ra klienter har ocks\u00e5 uppskattats.<\/p><p>V\u00e5r priss\u00e4ttning grundar sig p\u00e5 advokatf\u00f6rbundets rekommendationer. Vi arbetar kostnadseffektivt och h\u00e5ller v\u00e5ra klienter kontinuerligt informerade om b\u00e5de anv\u00e4nd arbetstid och i vilket skede uppdraget befinner sig.<\/p><p>Vi st\u00e5r till tj\u00e4nst med alla slags uppdrag, st\u00f6rre och mindre!<\/p>\t\t\t\t\t\t<\/div>\n\t\t\t\t<\/div>\n\t\t\t\t<div class=\"elementor-element elementor-element-4b7ae6e elementor-align-left elementor-widget elementor-widget-button\" data-id=\"4b7ae6e\" data-element_type=\"widget\" data-widget_type=\"button.default\">\n\t\t\t\t<div class=\"elementor-widget-container\">\n\t\t\t\t\t\t\t<div class=\"elementor-button-wrapper\">\n\t\t\t\t\t<a class=\"elementor-button elementor-button-link elementor-size-sm\" href=\"https:\/\/markelinco.fi\/sv\/kontakta-oss\/\">\n\t\t\t\t\t\t<span class=\"elementor-button-content-wrapper\">\n\t\t\t\t\t\t<span class=\"elementor-button-icon\">\n\t\t\t\t<i aria-hidden=\"true\" class=\"fas fa-phone\"><\/i>\t\t\t<\/span>\n\t\t\t\t\t\t\t\t\t<span class=\"elementor-button-text\">Kontakta oss<\/span>\n\t\t\t\t\t<\/span>\n\t\t\t\t\t<\/a>\n\t\t\t\t<\/div>\n\t\t\t\t\t\t<\/div>\n\t\t\t\t<\/div>\n\t\t\t\t\t<\/div>\n\t\t<\/div>\n\t\t\t\t<div class=\"elementor-column elementor-col-50 elementor-top-column elementor-element elementor-element-67591e7d\" data-id=\"67591e7d\" data-element_type=\"column\">\n\t\t\t<div class=\"elementor-widget-wrap elementor-element-populated\">\n\t\t\t\t\t\t<div class=\"elementor-element elementor-element-1f4b481d elementor-widget elementor-widget-image\" data-id=\"1f4b481d\" data-element_type=\"widget\" data-widget_type=\"image.default\">\n\t\t\t\t<div class=\"elementor-widget-container\">\n\t\t\t\t\t\t\t\t\t\t\t\t\t<img fetchpriority=\"high\" decoding=\"async\" width=\"731\" height=\"1024\" src=\"https:\/\/markelinco.fi\/wp-content\/uploads\/2025\/12\/markelin-co-lakiasiantoimisto-helsinki-731x1024.png\" class=\"attachment-large size-large wp-image-3369\" alt=\"Markelin &amp; Co - lakiasiaintoimisto Helsingiss\u00e4\" srcset=\"https:\/\/markelinco.fi\/wp-content\/uploads\/2025\/12\/markelin-co-lakiasiantoimisto-helsinki-731x1024.png 731w, https:\/\/markelinco.fi\/wp-content\/uploads\/2025\/12\/markelin-co-lakiasiantoimisto-helsinki-214x300.png 214w, https:\/\/markelinco.fi\/wp-content\/uploads\/2025\/12\/markelin-co-lakiasiantoimisto-helsinki-768x1075.png 768w, https:\/\/markelinco.fi\/wp-content\/uploads\/2025\/12\/markelin-co-lakiasiantoimisto-helsinki.png 857w\" sizes=\"(max-width: 731px) 100vw, 731px\" \/>\t\t\t\t\t\t\t\t\t\t\t\t\t<\/div>\n\t\t\t\t<\/div>\n\t\t\t\t\t<\/div>\n\t\t<\/div>\n\t\t\t\t\t<\/div>\n\t\t<\/section>\n\t\t\t\t<section class=\"elementor-section elementor-top-section elementor-element elementor-element-2648c16 elementor-section-height-min-height elementor-section-boxed elementor-section-height-default elementor-section-items-middle\" data-id=\"2648c16\" data-element_type=\"section\" data-settings=\"{&quot;background_background&quot;:&quot;classic&quot;}\">\n\t\t\t\t\t\t\t<div class=\"elementor-background-overlay\"><\/div>\n\t\t\t\t\t\t\t<div class=\"elementor-container elementor-column-gap-default\">\n\t\t\t\t\t<div class=\"elementor-column elementor-col-50 elementor-top-column elementor-element elementor-element-732fa8e\" data-id=\"732fa8e\" data-element_type=\"column\" data-settings=\"{&quot;background_background&quot;:&quot;classic&quot;}\">\n\t\t\t<div class=\"elementor-widget-wrap elementor-element-populated\">\n\t\t\t\t\t\t<div class=\"elementor-element elementor-element-4d501dd elementor-widget elementor-widget-spacer\" data-id=\"4d501dd\" data-element_type=\"widget\" data-widget_type=\"spacer.default\">\n\t\t\t\t<div class=\"elementor-widget-container\">\n\t\t\t\t\t<div class=\"elementor-spacer\">\n\t\t\t<div class=\"elementor-spacer-inner\"><\/div>\n\t\t<\/div>\n\t\t\t\t<\/div>\n\t\t\t\t<\/div>\n\t\t\t\t<div class=\"elementor-element elementor-element-bad055c elementor-widget elementor-widget-image\" data-id=\"bad055c\" data-element_type=\"widget\" data-widget_type=\"image.default\">\n\t\t\t\t<div class=\"elementor-widget-container\">\n\t\t\t\t\t\t\t\t\t\t\t\t\t<img decoding=\"async\" width=\"1000\" height=\"1000\" src=\"https:\/\/markelinco.fi\/wp-content\/uploads\/2021\/01\/privatkunder-icon.png\" class=\"attachment-large size-large wp-image-170\" alt=\"\" srcset=\"https:\/\/markelinco.fi\/wp-content\/uploads\/2021\/01\/privatkunder-icon.png 1000w, https:\/\/markelinco.fi\/wp-content\/uploads\/2021\/01\/privatkunder-icon-300x300.png 300w, https:\/\/markelinco.fi\/wp-content\/uploads\/2021\/01\/privatkunder-icon-150x150.png 150w, https:\/\/markelinco.fi\/wp-content\/uploads\/2021\/01\/privatkunder-icon-768x768.png 768w\" sizes=\"(max-width: 1000px) 100vw, 1000px\" \/>\t\t\t\t\t\t\t\t\t\t\t\t\t<\/div>\n\t\t\t\t<\/div>\n\t\t\t\t<div class=\"elementor-element elementor-element-cf6b0cc elementor-widget elementor-widget-heading\" data-id=\"cf6b0cc\" data-element_type=\"widget\" data-widget_type=\"heading.default\">\n\t\t\t\t<div class=\"elementor-widget-container\">\n\t\t\t<h3 class=\"elementor-heading-title elementor-size-large\">Tj\u00e4nster f\u00f6r privatkunder<\/h3>\t\t<\/div>\n\t\t\t\t<\/div>\n\t\t\t\t<div class=\"elementor-element elementor-element-7fafe22 elementor-widget elementor-widget-text-editor\" data-id=\"7fafe22\" data-element_type=\"widget\" data-widget_type=\"text-editor.default\">\n\t\t\t\t<div class=\"elementor-widget-container\">\n\t\t\t\t\t\t\t<div class=\"elementor-element elementor-element-7fafe22 elementor-widget elementor-widget-text-editor\" data-id=\"7fafe22\" data-element_type=\"widget\" data-widget_type=\"text-editor.default\"><div class=\"elementor-widget-container\"><div class=\"elementor-text-editor elementor-clearfix\">V\u00e5r uppgift \u00e4r att st\u00e5 till klientens tj\u00e4nst. Vi erbjuder all slags juridiska tj\u00e4nster, i bl.a. familjer\u00e4ttsliga fr\u00e5gor samt hj\u00e4lp vid fastighets- och bostadsk\u00f6p och arvsskiften.<\/div><\/div><\/div>\t\t\t\t\t\t<\/div>\n\t\t\t\t<\/div>\n\t\t\t\t<div class=\"elementor-element elementor-element-3b3e85d elementor-align-center elementor-widget elementor-widget-button\" data-id=\"3b3e85d\" data-element_type=\"widget\" data-widget_type=\"button.default\">\n\t\t\t\t<div class=\"elementor-widget-container\">\n\t\t\t\t\t\t\t<div class=\"elementor-button-wrapper\">\n\t\t\t\t\t<a class=\"elementor-button elementor-button-link elementor-size-sm\" href=\"https:\/\/markelinco.fi\/sv\/privatpersoner\/\">\n\t\t\t\t\t\t<span class=\"elementor-button-content-wrapper\">\n\t\t\t\t\t\t\t\t\t<span class=\"elementor-button-text\">L\u00e4s mera<\/span>\n\t\t\t\t\t<\/span>\n\t\t\t\t\t<\/a>\n\t\t\t\t<\/div>\n\t\t\t\t\t\t<\/div>\n\t\t\t\t<\/div>\n\t\t\t\t<div class=\"elementor-element elementor-element-b90ffb8 elementor-widget elementor-widget-spacer\" data-id=\"b90ffb8\" data-element_type=\"widget\" data-widget_type=\"spacer.default\">\n\t\t\t\t<div class=\"elementor-widget-container\">\n\t\t\t\t\t<div class=\"elementor-spacer\">\n\t\t\t<div class=\"elementor-spacer-inner\"><\/div>\n\t\t<\/div>\n\t\t\t\t<\/div>\n\t\t\t\t<\/div>\n\t\t\t\t\t<\/div>\n\t\t<\/div>\n\t\t\t\t<div class=\"elementor-column elementor-col-50 elementor-top-column elementor-element elementor-element-2ff79a4\" data-id=\"2ff79a4\" data-element_type=\"column\" data-settings=\"{&quot;background_background&quot;:&quot;classic&quot;}\">\n\t\t\t<div class=\"elementor-widget-wrap elementor-element-populated\">\n\t\t\t\t\t\t<div class=\"elementor-element elementor-element-5d86f1a elementor-widget elementor-widget-spacer\" data-id=\"5d86f1a\" data-element_type=\"widget\" data-widget_type=\"spacer.default\">\n\t\t\t\t<div class=\"elementor-widget-container\">\n\t\t\t\t\t<div class=\"elementor-spacer\">\n\t\t\t<div class=\"elementor-spacer-inner\"><\/div>\n\t\t<\/div>\n\t\t\t\t<\/div>\n\t\t\t\t<\/div>\n\t\t\t\t<div class=\"elementor-element elementor-element-bed5d6c elementor-widget elementor-widget-image\" data-id=\"bed5d6c\" data-element_type=\"widget\" data-widget_type=\"image.default\">\n\t\t\t\t<div class=\"elementor-widget-container\">\n\t\t\t\t\t\t\t\t\t\t\t\t\t<img decoding=\"async\" width=\"1000\" height=\"1000\" src=\"https:\/\/markelinco.fi\/wp-content\/uploads\/2021\/01\/foretag-icon.png\" class=\"attachment-large size-large wp-image-179\" alt=\"\" srcset=\"https:\/\/markelinco.fi\/wp-content\/uploads\/2021\/01\/foretag-icon.png 1000w, https:\/\/markelinco.fi\/wp-content\/uploads\/2021\/01\/foretag-icon-300x300.png 300w, https:\/\/markelinco.fi\/wp-content\/uploads\/2021\/01\/foretag-icon-150x150.png 150w, https:\/\/markelinco.fi\/wp-content\/uploads\/2021\/01\/foretag-icon-768x768.png 768w\" sizes=\"(max-width: 1000px) 100vw, 1000px\" \/>\t\t\t\t\t\t\t\t\t\t\t\t\t<\/div>\n\t\t\t\t<\/div>\n\t\t\t\t<div class=\"elementor-element elementor-element-ec9b0b9 elementor-widget elementor-widget-heading\" data-id=\"ec9b0b9\" data-element_type=\"widget\" data-widget_type=\"heading.default\">\n\t\t\t\t<div class=\"elementor-widget-container\">\n\t\t\t<h3 class=\"elementor-heading-title elementor-size-large\">Tj\u00e4nster f\u00f6r f\u00f6retag<\/h3>\t\t<\/div>\n\t\t\t\t<\/div>\n\t\t\t\t<div class=\"elementor-element elementor-element-908c1a1 elementor-widget elementor-widget-text-editor\" data-id=\"908c1a1\" data-element_type=\"widget\" data-widget_type=\"text-editor.default\">\n\t\t\t\t<div class=\"elementor-widget-container\">\n\t\t\t\t\t\t\t<p>Vi begr\u00e4nsar inte endast v\u00e5r verksamhet till rollen som jurister, utan vi str\u00e4var ocks\u00e5 till att s\u00e4tta oss in i v\u00e5ra klienters verksamhet som en helhet. Vi erbjuder Dig l\u00e4mpliga l\u00f6sningar, inte nya problem.<\/p>\t\t\t\t\t\t<\/div>\n\t\t\t\t<\/div>\n\t\t\t\t<div class=\"elementor-element elementor-element-c4e96ae elementor-align-center elementor-widget elementor-widget-button\" data-id=\"c4e96ae\" data-element_type=\"widget\" data-widget_type=\"button.default\">\n\t\t\t\t<div class=\"elementor-widget-container\">\n\t\t\t\t\t\t\t<div class=\"elementor-button-wrapper\">\n\t\t\t\t\t<a class=\"elementor-button elementor-button-link elementor-size-sm\" href=\"https:\/\/markelinco.fi\/sv\/foretag\/\">\n\t\t\t\t\t\t<span class=\"elementor-button-content-wrapper\">\n\t\t\t\t\t\t\t\t\t<span class=\"elementor-button-text\">L\u00e4s mera<\/span>\n\t\t\t\t\t<\/span>\n\t\t\t\t\t<\/a>\n\t\t\t\t<\/div>\n\t\t\t\t\t\t<\/div>\n\t\t\t\t<\/div>\n\t\t\t\t<div class=\"elementor-element elementor-element-d15982b elementor-widget elementor-widget-spacer\" data-id=\"d15982b\" data-element_type=\"widget\" data-widget_type=\"spacer.default\">\n\t\t\t\t<div class=\"elementor-widget-container\">\n\t\t\t\t\t<div class=\"elementor-spacer\">\n\t\t\t<div class=\"elementor-spacer-inner\"><\/div>\n\t\t<\/div>\n\t\t\t\t<\/div>\n\t\t\t\t<\/div>\n\t\t\t\t\t<\/div>\n\t\t<\/div>\n\t\t\t\t\t<\/div>\n\t\t<\/section>\n\t\t\t\t<section class=\"elementor-section elementor-top-section elementor-element elementor-element-843aa9f elementor-section-content-middle elementor-section-boxed elementor-section-height-default elementor-section-height-default\" data-id=\"843aa9f\" data-element_type=\"section\" data-settings=\"{&quot;background_background&quot;:&quot;classic&quot;}\">\n\t\t\t\t\t\t<div class=\"elementor-container elementor-column-gap-default\">\n\t\t\t\t\t<div class=\"elementor-column elementor-col-100 elementor-top-column elementor-element elementor-element-588ae48\" data-id=\"588ae48\" data-element_type=\"column\">\n\t\t\t<div class=\"elementor-widget-wrap elementor-element-populated\">\n\t\t\t\t\t\t<div class=\"elementor-element elementor-element-ae476e4 elementor-widget elementor-widget-heading\" data-id=\"ae476e4\" data-element_type=\"widget\" data-widget_type=\"heading.default\">\n\t\t\t\t<div class=\"elementor-widget-container\">\n\t\t\t<h2 class=\"elementor-heading-title elementor-size-large\">Vi betj\u00e4nar er\u200b<\/h2>\t\t<\/div>\n\t\t\t\t<\/div>\n\t\t\t\t<section class=\"elementor-section elementor-inner-section elementor-element elementor-element-bc9de5e elementor-section-boxed elementor-section-height-default elementor-section-height-default\" data-id=\"bc9de5e\" data-element_type=\"section\">\n\t\t\t\t\t\t<div class=\"elementor-container elementor-column-gap-default\">\n\t\t\t\t\t<div class=\"elementor-column elementor-col-50 elementor-inner-column elementor-element elementor-element-edfa55f\" data-id=\"edfa55f\" data-element_type=\"column\">\n\t\t\t<div class=\"elementor-widget-wrap elementor-element-populated\">\n\t\t\t\t\t\t<div class=\"elementor-element elementor-element-dee1e0e elementor-widget elementor-widget-image\" data-id=\"dee1e0e\" data-element_type=\"widget\" data-widget_type=\"image.default\">\n\t\t\t\t<div class=\"elementor-widget-container\">\n\t\t\t\t\t\t\t\t\t\t\t\t\t<img loading=\"lazy\" decoding=\"async\" width=\"646\" height=\"1024\" src=\"https:\/\/markelinco.fi\/wp-content\/uploads\/2023\/12\/varatuomari-filip-markelin-646x1024.png\" class=\"attachment-large size-large wp-image-2405\" alt=\"\" srcset=\"https:\/\/markelinco.fi\/wp-content\/uploads\/2023\/12\/varatuomari-filip-markelin-646x1024.png 646w, https:\/\/markelinco.fi\/wp-content\/uploads\/2023\/12\/varatuomari-filip-markelin-189x300.png 189w, https:\/\/markelinco.fi\/wp-content\/uploads\/2023\/12\/varatuomari-filip-markelin-768x1217.png 768w, https:\/\/markelinco.fi\/wp-content\/uploads\/2023\/12\/varatuomari-filip-markelin.png 863w\" sizes=\"(max-width: 646px) 100vw, 646px\" \/>\t\t\t\t\t\t\t\t\t\t\t\t\t<\/div>\n\t\t\t\t<\/div>\n\t\t\t\t\t<\/div>\n\t\t<\/div>\n\t\t\t\t<div class=\"elementor-column elementor-col-50 elementor-inner-column elementor-element elementor-element-204aa10\" data-id=\"204aa10\" data-element_type=\"column\">\n\t\t\t<div class=\"elementor-widget-wrap elementor-element-populated\">\n\t\t\t\t\t\t<div class=\"elementor-element elementor-element-165e330 elementor-widget elementor-widget-heading\" data-id=\"165e330\" data-element_type=\"widget\" data-widget_type=\"heading.default\">\n\t\t\t\t<div class=\"elementor-widget-container\">\n\t\t\t<h2 class=\"elementor-heading-title elementor-size-large\">Viceh\u00e4radsh\u00f6vding Filip Markelin<\/h2>\t\t<\/div>\n\t\t\t\t<\/div>\n\t\t\t\t<div class=\"elementor-element elementor-element-9032f7a elementor-widget elementor-widget-text-editor\" data-id=\"9032f7a\" data-element_type=\"widget\" data-widget_type=\"text-editor.default\">\n\t\t\t\t<div class=\"elementor-widget-container\">\n\t\t\t\t\t\t\t<p>Filip Markelin \u00e4r specialiserad p\u00e5 familjer\u00e4ttsliga \u00e4renden och f\u00f6rm\u00f6genhets-r\u00e4ttsliga arrangemang. Filip har b\u00e5de finska, svenska och engelska som arbetsspr\u00e5k och \u00e4r l\u00e4tt att samarbeta med \u2013 ocks\u00e5 de mest komplicerade fr\u00e5gor l\u00f6ses professionellt och med l\u00e5ng erfarenhet.<\/p><p>Innan Filip p\u00e5b\u00f6rjade sin juridiska bana jobbade han inom barnskyddet, eftersom han ocks\u00e5 har en social utbildning. Detta har gett honom djupg\u00e5ende insikter i m\u00e4nniskors olika livssituationer och Filip \u00e4r fast \u00f6vertygad att \u00e4ven de sv\u00e5raste fr\u00e5gor och problem kan l\u00f6sas.<\/p><p>Sin m\u00e5ngsidiga juridiska bana inledde Filip som offentligt r\u00e4ttsbitr\u00e4de. Han har sedermera arbetat som advokat och som jurist vid patientskaden\u00e4mnden. Den egna juridiska byr\u00e5n sk\u00f6ter han sedan 2012.<\/p><p>I juridiska sp\u00f6rsm\u00e5l \u00e4r de korrekta formuleringarna av yttersta vikt, liksom \u00e4ven ing\u00e5ende k\u00e4nnedom om detaljer. Professionalism \u00e4r en kombination av juridisk kunskap och erfarenhet i kombination med humana v\u00e4rden och v\u00e4rderingar.<\/p><p>F\u00f6rutom jurist \u00e4r Filip ocks\u00e5 familjefar, make och hundv\u00e4n. Gemensam tid med familjen, matlagning och omsorg om det egna v\u00e4lm\u00e5endet ger avkoppling och \u00e4r en l\u00e4mplig motvikt till juristens arbete. Balans p\u00e5 det personliga planet m\u00f6jligg\u00f6r en full\u00f6dig arbetsinsats.<\/p>\t\t\t\t\t\t<\/div>\n\t\t\t\t<\/div>\n\t\t\t\t<div class=\"elementor-element elementor-element-2b6b087 elementor-widget elementor-widget-heading\" data-id=\"2b6b087\" data-element_type=\"widget\" data-widget_type=\"heading.default\">\n\t\t\t\t<div class=\"elementor-widget-container\">\n\t\t\t<p class=\"elementor-heading-title elementor-size-default\">VH Filip Markelin<\/p>\t\t<\/div>\n\t\t\t\t<\/div>\n\t\t\t\t<div class=\"elementor-element elementor-element-2b8ca95 elementor-align-left elementor-mobile-align-left elementor-icon-list--layout-traditional elementor-list-item-link-full_width elementor-widget elementor-widget-icon-list\" data-id=\"2b8ca95\" data-element_type=\"widget\" data-widget_type=\"icon-list.default\">\n\t\t\t\t<div class=\"elementor-widget-container\">\n\t\t\t\t\t<ul class=\"elementor-icon-list-items\">\n\t\t\t\t\t\t\t<li class=\"elementor-icon-list-item\">\n\t\t\t\t\t\t\t\t\t\t\t<a href=\"https:\/\/markelinco.fi\/sv\/kontakta-oss\/\">\n\n\t\t\t\t\t\t\t\t\t\t\t\t<span class=\"elementor-icon-list-icon\">\n\t\t\t\t\t\t\t<i aria-hidden=\"true\" class=\"fas fa-phone\"><\/i>\t\t\t\t\t\t<\/span>\n\t\t\t\t\t\t\t\t\t\t<span class=\"elementor-icon-list-text\">+358 400 464 899<\/span>\n\t\t\t\t\t\t\t\t\t\t\t<\/a>\n\t\t\t\t\t\t\t\t\t<\/li>\n\t\t\t\t\t\t\t\t<li class=\"elementor-icon-list-item\">\n\t\t\t\t\t\t\t\t\t\t\t<a href=\"mailto:filip@markelinco.fi\">\n\n\t\t\t\t\t\t\t\t\t\t\t\t<span class=\"elementor-icon-list-icon\">\n\t\t\t\t\t\t\t<i aria-hidden=\"true\" class=\"fas fa-envelope\"><\/i>\t\t\t\t\t\t<\/span>\n\t\t\t\t\t\t\t\t\t\t<span class=\"elementor-icon-list-text\">filip@markelinco.fi<\/span>\n\t\t\t\t\t\t\t\t\t\t\t<\/a>\n\t\t\t\t\t\t\t\t\t<\/li>\n\t\t\t\t\t\t<\/ul>\n\t\t\t\t<\/div>\n\t\t\t\t<\/div>\n\t\t\t\t\t<\/div>\n\t\t<\/div>\n\t\t\t\t\t<\/div>\n\t\t<\/section>\n\t\t\t\t\t<\/div>\n\t\t<\/div>\n\t\t\t\t\t<\/div>\n\t\t<\/section>\n\t\t\t\t<section class=\"elementor-section elementor-top-section elementor-element elementor-element-1ebc8c7 elementor-section-content-middle elementor-section-boxed elementor-section-height-default elementor-section-height-default\" data-id=\"1ebc8c7\" data-element_type=\"section\" data-settings=\"{&quot;background_background&quot;:&quot;classic&quot;}\">\n\t\t\t\t\t\t<div class=\"elementor-container elementor-column-gap-default\">\n\t\t\t\t\t<div class=\"elementor-column elementor-col-100 elementor-top-column elementor-element elementor-element-eeae087\" data-id=\"eeae087\" data-element_type=\"column\">\n\t\t\t<div class=\"elementor-widget-wrap elementor-element-populated\">\n\t\t\t\t\t\t<section class=\"elementor-section elementor-inner-section elementor-element elementor-element-e52857e elementor-reverse-mobile elementor-section-boxed elementor-section-height-default elementor-section-height-default\" data-id=\"e52857e\" data-element_type=\"section\">\n\t\t\t\t\t\t<div class=\"elementor-container elementor-column-gap-default\">\n\t\t\t\t\t<div class=\"elementor-column elementor-col-50 elementor-inner-column elementor-element elementor-element-f9b5233\" data-id=\"f9b5233\" data-element_type=\"column\">\n\t\t\t<div class=\"elementor-widget-wrap elementor-element-populated\">\n\t\t\t\t\t\t<div class=\"elementor-element elementor-element-57f3030 elementor-widget elementor-widget-heading\" data-id=\"57f3030\" data-element_type=\"widget\" data-widget_type=\"heading.default\">\n\t\t\t\t<div class=\"elementor-widget-container\">\n\t\t\t<h2 class=\"elementor-heading-title elementor-size-default\">Jurist Harald Takki<\/h2>\t\t<\/div>\n\t\t\t\t<\/div>\n\t\t\t\t<div class=\"elementor-element elementor-element-1f80f78 elementor-widget elementor-widget-text-editor\" data-id=\"1f80f78\" data-element_type=\"widget\" data-widget_type=\"text-editor.default\">\n\t\t\t\t<div class=\"elementor-widget-container\">\n\t\t\t\t\t\t\t<p><span style=\"font-weight: 400;\">Harald har omfattande erfarenhet av juridiskt arbete inom en rad olika r\u00e4ttsomr\u00e5den. Han har arbetat p\u00e5 b\u00e5de stora och medelstora advokatbyr\u00e5er, p\u00e5 ett litet eller medelstort f\u00f6retags juridiska avdelning och inom domstolsv\u00e4sendet. P\u00e5 Juridisk byr\u00e5 Markelin &amp; Co Ab arbetar Harald s\u00e4rskilt med familje- och fastighetsr\u00e4tt, tvistl\u00f6sning och straffr\u00e4ttsliga uppdrag.<\/span><\/p><p><span style=\"font-weight: 400;\">Haralds f\u00f6rh\u00e5llningss\u00e4tt \u00e4r professionellt men l\u00e4ttillg\u00e4ngligt. Han fokuserar p\u00e5 tydlig kommunikation och ett gott samarbete med klienten &#8211; \u00e4rendena hanteras effektivt och med en avslappnad h\u00e5llning, utan att kompromissa med kvaliteten p\u00e5 resultatet. M\u00e5let \u00e4r alltid att hitta den b\u00e4sta m\u00f6jliga l\u00f6sningen f\u00f6r klientens behov.<\/span><\/p><p><span style=\"font-weight: 400;\">P\u00e5 fritiden tar Harald hand om sitt v\u00e4lm\u00e5ende genom att motionera p\u00e5 olika s\u00e4tt. Han trivs i naturen och tycker om jogging och gym. P\u00e5 sommaren \u00e4r motorcykelk\u00f6rning en sk\u00f6n motvikt till vardagen och arbetet som jurist. Tr\u00e4ning och utomhusaktiviteter hj\u00e4lper honom att \u00e5terh\u00e4mta sig och h\u00e5ller honom sk\u00e4rpt p\u00e5 jobbet.<\/span><\/p><p><span style=\"font-weight: 400;\">Harald betj\u00e4nar kunder flytande p\u00e5 finska och engelska.<\/span><\/p>\t\t\t\t\t\t<\/div>\n\t\t\t\t<\/div>\n\t\t\t\t<div class=\"elementor-element elementor-element-4cf66d3 elementor-widget elementor-widget-heading\" data-id=\"4cf66d3\" data-element_type=\"widget\" data-widget_type=\"heading.default\">\n\t\t\t\t<div class=\"elementor-widget-container\">\n\t\t\t<p class=\"elementor-heading-title elementor-size-default\">JM Harald Takki<\/p>\t\t<\/div>\n\t\t\t\t<\/div>\n\t\t\t\t<div class=\"elementor-element elementor-element-5a0b76a elementor-align-left elementor-mobile-align-left elementor-icon-list--layout-traditional elementor-list-item-link-full_width elementor-widget elementor-widget-icon-list\" data-id=\"5a0b76a\" data-element_type=\"widget\" data-widget_type=\"icon-list.default\">\n\t\t\t\t<div class=\"elementor-widget-container\">\n\t\t\t\t\t<ul class=\"elementor-icon-list-items\">\n\t\t\t\t\t\t\t<li class=\"elementor-icon-list-item\">\n\t\t\t\t\t\t\t\t\t\t\t<a href=\"https:\/\/markelinco.fi\/sv\/kontakta-oss\/\">\n\n\t\t\t\t\t\t\t\t\t\t\t\t<span class=\"elementor-icon-list-icon\">\n\t\t\t\t\t\t\t<i aria-hidden=\"true\" class=\"fas fa-phone\"><\/i>\t\t\t\t\t\t<\/span>\n\t\t\t\t\t\t\t\t\t\t<span class=\"elementor-icon-list-text\">+358 44 491 3826<\/span>\n\t\t\t\t\t\t\t\t\t\t\t<\/a>\n\t\t\t\t\t\t\t\t\t<\/li>\n\t\t\t\t\t\t\t\t<li class=\"elementor-icon-list-item\">\n\t\t\t\t\t\t\t\t\t\t\t<a href=\"mailto:harald@markelinco.fi\">\n\n\t\t\t\t\t\t\t\t\t\t\t\t<span class=\"elementor-icon-list-icon\">\n\t\t\t\t\t\t\t<i aria-hidden=\"true\" class=\"fas fa-envelope\"><\/i>\t\t\t\t\t\t<\/span>\n\t\t\t\t\t\t\t\t\t\t<span class=\"elementor-icon-list-text\">harald@markelinco.fi<\/span>\n\t\t\t\t\t\t\t\t\t\t\t<\/a>\n\t\t\t\t\t\t\t\t\t<\/li>\n\t\t\t\t\t\t<\/ul>\n\t\t\t\t<\/div>\n\t\t\t\t<\/div>\n\t\t\t\t\t<\/div>\n\t\t<\/div>\n\t\t\t\t<div class=\"elementor-column elementor-col-50 elementor-inner-column elementor-element elementor-element-aff10c4\" data-id=\"aff10c4\" data-element_type=\"column\">\n\t\t\t<div class=\"elementor-widget-wrap elementor-element-populated\">\n\t\t\t\t\t\t<div class=\"elementor-element elementor-element-b97e259 elementor-widget elementor-widget-image\" data-id=\"b97e259\" data-element_type=\"widget\" data-widget_type=\"image.default\">\n\t\t\t\t<div class=\"elementor-widget-container\">\n\t\t\t\t\t\t\t\t\t\t\t\t\t<img loading=\"lazy\" decoding=\"async\" width=\"539\" height=\"854\" src=\"https:\/\/markelinco.fi\/wp-content\/uploads\/2025\/05\/harald-esittely.png\" class=\"attachment-large size-large wp-image-3322\" alt=\"Juristi Harald Takki\" srcset=\"https:\/\/markelinco.fi\/wp-content\/uploads\/2025\/05\/harald-esittely.png 539w, https:\/\/markelinco.fi\/wp-content\/uploads\/2025\/05\/harald-esittely-189x300.png 189w\" sizes=\"(max-width: 539px) 100vw, 539px\" \/>\t\t\t\t\t\t\t\t\t\t\t\t\t<\/div>\n\t\t\t\t<\/div>\n\t\t\t\t\t<\/div>\n\t\t<\/div>\n\t\t\t\t\t<\/div>\n\t\t<\/section>\n\t\t\t\t\t<\/div>\n\t\t<\/div>\n\t\t\t\t\t<\/div>\n\t\t<\/section>\n\t\t\t\t<section class=\"elementor-section elementor-top-section elementor-element elementor-element-f95246c elementor-section-content-middle elementor-section-boxed elementor-section-height-default elementor-section-height-default\" data-id=\"f95246c\" data-element_type=\"section\" data-settings=\"{&quot;background_background&quot;:&quot;classic&quot;}\">\n\t\t\t\t\t\t<div class=\"elementor-container elementor-column-gap-default\">\n\t\t\t\t\t<div class=\"elementor-column elementor-col-100 elementor-top-column elementor-element elementor-element-7b07acc\" data-id=\"7b07acc\" data-element_type=\"column\">\n\t\t\t<div class=\"elementor-widget-wrap elementor-element-populated\">\n\t\t\t\t\t\t<section class=\"elementor-section elementor-inner-section elementor-element elementor-element-a135024 elementor-section-boxed elementor-section-height-default elementor-section-height-default\" data-id=\"a135024\" data-element_type=\"section\">\n\t\t\t\t\t\t<div class=\"elementor-container elementor-column-gap-default\">\n\t\t\t\t\t<div class=\"elementor-column elementor-col-50 elementor-inner-column elementor-element elementor-element-08c8d5a\" data-id=\"08c8d5a\" data-element_type=\"column\">\n\t\t\t<div class=\"elementor-widget-wrap elementor-element-populated\">\n\t\t\t\t\t\t<div class=\"elementor-element elementor-element-36dbe13 elementor-widget elementor-widget-image\" data-id=\"36dbe13\" data-element_type=\"widget\" data-widget_type=\"image.default\">\n\t\t\t\t<div class=\"elementor-widget-container\">\n\t\t\t\t\t\t\t\t\t\t\t\t\t<img loading=\"lazy\" decoding=\"async\" width=\"539\" height=\"854\" src=\"https:\/\/markelinco.fi\/wp-content\/uploads\/2024\/11\/varatuomari-daniel-allen.png\" class=\"attachment-large size-large wp-image-2894\" alt=\"Viceh\u00e4radsh\u00f6vding Daniel All\u00e9n\" srcset=\"https:\/\/markelinco.fi\/wp-content\/uploads\/2024\/11\/varatuomari-daniel-allen.png 539w, https:\/\/markelinco.fi\/wp-content\/uploads\/2024\/11\/varatuomari-daniel-allen-189x300.png 189w\" sizes=\"(max-width: 539px) 100vw, 539px\" \/>\t\t\t\t\t\t\t\t\t\t\t\t\t<\/div>\n\t\t\t\t<\/div>\n\t\t\t\t\t<\/div>\n\t\t<\/div>\n\t\t\t\t<div class=\"elementor-column elementor-col-50 elementor-inner-column elementor-element elementor-element-0a6dc46\" data-id=\"0a6dc46\" data-element_type=\"column\">\n\t\t\t<div class=\"elementor-widget-wrap elementor-element-populated\">\n\t\t\t\t\t\t<div class=\"elementor-element elementor-element-f0298d9 elementor-widget elementor-widget-heading\" data-id=\"f0298d9\" data-element_type=\"widget\" data-widget_type=\"heading.default\">\n\t\t\t\t<div class=\"elementor-widget-container\">\n\t\t\t<h2 class=\"elementor-heading-title elementor-size-large\">Viceh\u00e4radsh\u00f6vding Daniel All\u00e9n<\/h2>\t\t<\/div>\n\t\t\t\t<\/div>\n\t\t\t\t<div class=\"elementor-element elementor-element-1edd27c elementor-widget elementor-widget-text-editor\" data-id=\"1edd27c\" data-element_type=\"widget\" data-widget_type=\"text-editor.default\">\n\t\t\t\t<div class=\"elementor-widget-container\">\n\t\t\t\t\t\t\t<p>Daniel All\u00e9n har en l\u00e5ng och bred erfarenhet av arbete inom r\u00e4ttsv\u00e4sendet, bl.a. som<br \/>\u00e5klagare, advokat, domare och lagman. Han \u00e4r ursprungligen hemma fr\u00e5n Nyland, men<br \/>hans yrkeskarri\u00e4r skedde huvudsakligen i \u00d6sterbotten, d\u00e4r han pensionerades fr\u00e5n<br \/>tj\u00e4nsten som chef f\u00f6r \u00d6sterbottens tingsr\u00e4tt 1.9.2023. Under 40 \u00e5r har mycket<br \/>f\u00f6r\u00e4ndrats, men fingertoppsk\u00e4nslan och motivationen finns kvar.\u00a0<\/p><p>Fr\u00e5n 1.9.2024 samarbetar All\u00e9n p\u00e5 deltid med Juridisk byr\u00e5 Markelin &amp; Co Ab, huvudsakligen i Helsingforsregionen, med s\u00e5v\u00e4l arvs- och familjer\u00e4ttsliga \u00e4renden som r\u00e4tteg\u00e5ngar. All\u00e9ns ledarskapserfarenhet kan ocks\u00e5 vara till hj\u00e4lp d\u00e5 juristbyr\u00e5n expanderar och utvecklas. Arbetsbilden blir d\u00e4rmed en kombination av Senior Advisor och Practicing Lawyer. Den kombinationen passar All\u00e9n v\u00e4l och han anpassar sig l\u00e4tt till de olika behoven i arbetsgemenskapen.<\/p>\t\t\t\t\t\t<\/div>\n\t\t\t\t<\/div>\n\t\t\t\t<div class=\"elementor-element elementor-element-666b171 elementor-widget elementor-widget-heading\" data-id=\"666b171\" data-element_type=\"widget\" data-widget_type=\"heading.default\">\n\t\t\t\t<div class=\"elementor-widget-container\">\n\t\t\t<p class=\"elementor-heading-title elementor-size-default\">VH Daniel All\u00e9n<\/p>\t\t<\/div>\n\t\t\t\t<\/div>\n\t\t\t\t<div class=\"elementor-element elementor-element-9bcfd1c elementor-align-left elementor-mobile-align-left elementor-icon-list--layout-traditional elementor-list-item-link-full_width elementor-widget elementor-widget-icon-list\" data-id=\"9bcfd1c\" data-element_type=\"widget\" data-widget_type=\"icon-list.default\">\n\t\t\t\t<div class=\"elementor-widget-container\">\n\t\t\t\t\t<ul class=\"elementor-icon-list-items\">\n\t\t\t\t\t\t\t<li class=\"elementor-icon-list-item\">\n\t\t\t\t\t\t\t\t\t\t\t<a href=\"https:\/\/markelinco.fi\/sv\/kontakta-oss\/\">\n\n\t\t\t\t\t\t\t\t\t\t\t\t<span class=\"elementor-icon-list-icon\">\n\t\t\t\t\t\t\t<i aria-hidden=\"true\" class=\"fas fa-phone\"><\/i>\t\t\t\t\t\t<\/span>\n\t\t\t\t\t\t\t\t\t\t<span class=\"elementor-icon-list-text\">+358 50 550 9876<\/span>\n\t\t\t\t\t\t\t\t\t\t\t<\/a>\n\t\t\t\t\t\t\t\t\t<\/li>\n\t\t\t\t\t\t\t\t<li class=\"elementor-icon-list-item\">\n\t\t\t\t\t\t\t\t\t\t\t<a href=\"mailto:daniel@markelinco.fi\">\n\n\t\t\t\t\t\t\t\t\t\t\t\t<span class=\"elementor-icon-list-icon\">\n\t\t\t\t\t\t\t<i aria-hidden=\"true\" class=\"fas fa-envelope\"><\/i>\t\t\t\t\t\t<\/span>\n\t\t\t\t\t\t\t\t\t\t<span class=\"elementor-icon-list-text\">daniel@markelinco.fi<\/span>\n\t\t\t\t\t\t\t\t\t\t\t<\/a>\n\t\t\t\t\t\t\t\t\t<\/li>\n\t\t\t\t\t\t<\/ul>\n\t\t\t\t<\/div>\n\t\t\t\t<\/div>\n\t\t\t\t\t<\/div>\n\t\t<\/div>\n\t\t\t\t\t<\/div>\n\t\t<\/section>\n\t\t\t\t\t<\/div>\n\t\t<\/div>\n\t\t\t\t\t<\/div>\n\t\t<\/section>\n\t\t\t\t<section class=\"elementor-section elementor-top-section elementor-element elementor-element-eedbdf2 elementor-section-content-middle elementor-section-boxed elementor-section-height-default elementor-section-height-default\" data-id=\"eedbdf2\" data-element_type=\"section\" data-settings=\"{&quot;background_background&quot;:&quot;classic&quot;}\">\n\t\t\t\t\t\t<div class=\"elementor-container elementor-column-gap-default\">\n\t\t\t\t\t<div class=\"elementor-column elementor-col-100 elementor-top-column elementor-element elementor-element-2fdde3f\" data-id=\"2fdde3f\" data-element_type=\"column\">\n\t\t\t<div class=\"elementor-widget-wrap elementor-element-populated\">\n\t\t\t\t\t\t<section class=\"elementor-section elementor-inner-section elementor-element elementor-element-5cf5373 elementor-reverse-mobile elementor-section-boxed elementor-section-height-default elementor-section-height-default\" data-id=\"5cf5373\" data-element_type=\"section\">\n\t\t\t\t\t\t<div class=\"elementor-container elementor-column-gap-default\">\n\t\t\t\t\t<div class=\"elementor-column elementor-col-50 elementor-inner-column elementor-element elementor-element-9da5c7d\" data-id=\"9da5c7d\" data-element_type=\"column\">\n\t\t\t<div class=\"elementor-widget-wrap elementor-element-populated\">\n\t\t\t\t\t\t<div class=\"elementor-element elementor-element-4c7a331 elementor-widget elementor-widget-heading\" data-id=\"4c7a331\" data-element_type=\"widget\" data-widget_type=\"heading.default\">\n\t\t\t\t<div class=\"elementor-widget-container\">\n\t\t\t<h2 class=\"elementor-heading-title elementor-size-default\">Kontorschef Krista Hirvonen\u200b<\/h2>\t\t<\/div>\n\t\t\t\t<\/div>\n\t\t\t\t<div class=\"elementor-element elementor-element-79af9d5 elementor-widget elementor-widget-text-editor\" data-id=\"79af9d5\" data-element_type=\"widget\" data-widget_type=\"text-editor.default\">\n\t\t\t\t<div class=\"elementor-widget-container\">\n\t\t\t\t\t\t\t<p><span style=\"font-weight: 400;\">Krista Hirvonen jobbar p\u00e5 Juridisk byr\u00e5 Markelin &amp; Co Ab som kontorschef. Hon ansvarar f\u00f6r kontorets l\u00f6pande arbete, telefonv\u00e4xeln och hon assisterar juristerna med olika arbetsuppgifter. Hon har flera \u00e5rs erfarenhet med diverse arbetsuppgifter inom kundservice. Hon jobbar g\u00e4rna med m\u00e4nniskor och hj\u00e4lper dem i olika fr\u00e5gor.\u00a0<\/span><\/p><p><span style=\"font-weight: 400;\">Det \u00e4r viktigt f\u00f6r Krista att varje kund blir bem\u00f6ts v\u00e4nligt och blir h\u00f6rd och f\u00e5r professionell service i sina \u00e4renden.<\/span><\/p><p><span style=\"font-weight: 400;\">P\u00e5 sin fritid motionerar Krista g\u00e4rna med sin hund, utf\u00f6rar handarbete samt umg\u00e5s med v\u00e4nner.<\/span><\/p>\t\t\t\t\t\t<\/div>\n\t\t\t\t<\/div>\n\t\t\t\t<div class=\"elementor-element elementor-element-733dca8 elementor-widget elementor-widget-heading\" data-id=\"733dca8\" data-element_type=\"widget\" data-widget_type=\"heading.default\">\n\t\t\t\t<div class=\"elementor-widget-container\">\n\t\t\t<p class=\"elementor-heading-title elementor-size-default\">Krista Hirvonen\u200b<\/p>\t\t<\/div>\n\t\t\t\t<\/div>\n\t\t\t\t<div class=\"elementor-element elementor-element-50a8f6b elementor-align-left elementor-mobile-align-left elementor-icon-list--layout-traditional elementor-list-item-link-full_width elementor-widget elementor-widget-icon-list\" data-id=\"50a8f6b\" data-element_type=\"widget\" data-widget_type=\"icon-list.default\">\n\t\t\t\t<div class=\"elementor-widget-container\">\n\t\t\t\t\t<ul class=\"elementor-icon-list-items\">\n\t\t\t\t\t\t\t<li class=\"elementor-icon-list-item\">\n\t\t\t\t\t\t\t\t\t\t\t<a href=\"https:\/\/markelinco.fi\/sv\/kontakta-oss\/\">\n\n\t\t\t\t\t\t\t\t\t\t\t\t<span class=\"elementor-icon-list-icon\">\n\t\t\t\t\t\t\t<i aria-hidden=\"true\" class=\"fas fa-phone\"><\/i>\t\t\t\t\t\t<\/span>\n\t\t\t\t\t\t\t\t\t\t<span class=\"elementor-icon-list-text\">+358 400 464 899<\/span>\n\t\t\t\t\t\t\t\t\t\t\t<\/a>\n\t\t\t\t\t\t\t\t\t<\/li>\n\t\t\t\t\t\t\t\t<li class=\"elementor-icon-list-item\">\n\t\t\t\t\t\t\t\t\t\t\t<a href=\"mailto:info@markelinco.fi\">\n\n\t\t\t\t\t\t\t\t\t\t\t\t<span class=\"elementor-icon-list-icon\">\n\t\t\t\t\t\t\t<i aria-hidden=\"true\" class=\"fas fa-envelope\"><\/i>\t\t\t\t\t\t<\/span>\n\t\t\t\t\t\t\t\t\t\t<span class=\"elementor-icon-list-text\">info@markelinco.fi<\/span>\n\t\t\t\t\t\t\t\t\t\t\t<\/a>\n\t\t\t\t\t\t\t\t\t<\/li>\n\t\t\t\t\t\t<\/ul>\n\t\t\t\t<\/div>\n\t\t\t\t<\/div>\n\t\t\t\t\t<\/div>\n\t\t<\/div>\n\t\t\t\t<div class=\"elementor-column elementor-col-50 elementor-inner-column elementor-element elementor-element-5fca50f\" data-id=\"5fca50f\" data-element_type=\"column\">\n\t\t\t<div class=\"elementor-widget-wrap elementor-element-populated\">\n\t\t\t\t\t\t<div class=\"elementor-element elementor-element-2965c84 elementor-widget elementor-widget-image\" data-id=\"2965c84\" data-element_type=\"widget\" data-widget_type=\"image.default\">\n\t\t\t\t<div class=\"elementor-widget-container\">\n\t\t\t\t\t\t\t\t\t\t\t\t\t<img loading=\"lazy\" decoding=\"async\" width=\"646\" height=\"1024\" src=\"https:\/\/markelinco.fi\/wp-content\/uploads\/2023\/12\/krista-hirvonen-assistentti-646x1024.png\" class=\"attachment-large size-large wp-image-2046\" alt=\"Toimistop\u00e4\u00e4llikk\u00f6 Krista Hirvonen\" srcset=\"https:\/\/markelinco.fi\/wp-content\/uploads\/2023\/12\/krista-hirvonen-assistentti-646x1024.png 646w, https:\/\/markelinco.fi\/wp-content\/uploads\/2023\/12\/krista-hirvonen-assistentti-189x300.png 189w, https:\/\/markelinco.fi\/wp-content\/uploads\/2023\/12\/krista-hirvonen-assistentti-768x1217.png 768w, https:\/\/markelinco.fi\/wp-content\/uploads\/2023\/12\/krista-hirvonen-assistentti.png 863w\" sizes=\"(max-width: 646px) 100vw, 646px\" \/>\t\t\t\t\t\t\t\t\t\t\t\t\t<\/div>\n\t\t\t\t<\/div>\n\t\t\t\t\t<\/div>\n\t\t<\/div>\n\t\t\t\t\t<\/div>\n\t\t<\/section>\n\t\t\t\t\t<\/div>\n\t\t<\/div>\n\t\t\t\t\t<\/div>\n\t\t<\/section>\n\t\t\t\t<\/div>\n\t\t","protected":false},"excerpt":{"rendered":"<p>JURIDISK BYR\u00c5 MARKELIN &amp; CO En tillf\u00f6rlitlig byr\u00e5 b\u00e5de f\u00f6r Dig och Ditt f\u00f6retag Juridisk byr\u00e5 i Helsingfors \u2013 Markelin &amp; Co V\u00e5r juridiska byr\u00e5 Markelin &amp; Co betj\u00e4nar Dig p\u00e5 finska, svenska och engelska i hela huvudstadsregionen samt i Borg\u00e5 och Sibbo. Som v\u00e5r klient har Du f\u00f6rsta prioritet och vi sk\u00f6ter v\u00e5ra uppdrag [&hellip;]<\/p>\n","protected":false},"author":2,"featured_media":0,"parent":0,"menu_order":0,"comment_status":"closed","ping_status":"closed","template":"elementor_header_footer","meta":{"ocean_post_layout":"","ocean_both_sidebars_style":"","ocean_both_sidebars_content_width":0,"ocean_both_sidebars_sidebars_width":0,"ocean_sidebar":"0","ocean_second_sidebar":"0","ocean_disable_margins":"enable","ocean_add_body_class":"","ocean_shortcode_before_top_bar":"","ocean_shortcode_after_top_bar":"","ocean_shortcode_before_header":"","ocean_shortcode_after_header":"","ocean_has_shortcode":"","ocean_shortcode_after_title":"","ocean_shortcode_before_footer_widgets":"","ocean_shortcode_after_footer_widgets":"","ocean_shortcode_before_footer_bottom":"","ocean_shortcode_after_footer_bottom":"","ocean_display_top_bar":"default","ocean_display_header":"default","ocean_header_style":"","ocean_center_header_left_menu":"0","ocean_custom_header_template":"0","ocean_custom_logo":0,"ocean_custom_retina_logo":0,"ocean_custom_logo_max_width":0,"ocean_custom_logo_tablet_max_width":0,"ocean_custom_logo_mobile_max_width":0,"ocean_custom_logo_max_height":0,"ocean_custom_logo_tablet_max_height":0,"ocean_custom_logo_mobile_max_height":0,"ocean_header_custom_menu":"0","ocean_menu_typo_font_family":"0","ocean_menu_typo_font_subset":"","ocean_menu_typo_font_size":0,"ocean_menu_typo_font_size_tablet":0,"ocean_menu_typo_font_size_mobile":0,"ocean_menu_typo_font_size_unit":"px","ocean_menu_typo_font_weight":"","ocean_menu_typo_font_weight_tablet":"","ocean_menu_typo_font_weight_mobile":"","ocean_menu_typo_transform":"","ocean_menu_typo_transform_tablet":"","ocean_menu_typo_transform_mobile":"","ocean_menu_typo_line_height":0,"ocean_menu_typo_line_height_tablet":0,"ocean_menu_typo_line_height_mobile":0,"ocean_menu_typo_line_height_unit":"","ocean_menu_typo_spacing":0,"ocean_menu_typo_spacing_tablet":0,"ocean_menu_typo_spacing_mobile":0,"ocean_menu_typo_spacing_unit":"","ocean_menu_link_color":"","ocean_menu_link_color_hover":"","ocean_menu_link_color_active":"","ocean_menu_link_background":"","ocean_menu_link_hover_background":"","ocean_menu_link_active_background":"","ocean_menu_social_links_bg":"","ocean_menu_social_hover_links_bg":"","ocean_menu_social_links_color":"","ocean_menu_social_hover_links_color":"","ocean_disable_title":"default","ocean_disable_heading":"default","ocean_post_title":"","ocean_post_subheading":"","ocean_post_title_style":"","ocean_post_title_background_color":"","ocean_post_title_background":0,"ocean_post_title_bg_image_position":"","ocean_post_title_bg_image_attachment":"","ocean_post_title_bg_image_repeat":"","ocean_post_title_bg_image_size":"","ocean_post_title_height":0,"ocean_post_title_bg_overlay":0.5,"ocean_post_title_bg_overlay_color":"","ocean_disable_breadcrumbs":"default","ocean_breadcrumbs_color":"","ocean_breadcrumbs_separator_color":"","ocean_breadcrumbs_links_color":"","ocean_breadcrumbs_links_hover_color":"","ocean_display_footer_widgets":"default","ocean_display_footer_bottom":"default","ocean_custom_footer_template":"0","footnotes":""},"class_list":["post-2669","page","type-page","status-publish","hentry","entry"],"yoast_head":"<!-- This site is optimized with the Yoast SEO plugin v26.8 - https:\/\/yoast.com\/product\/yoast-seo-wordpress\/ -->\n<title>Juridisk byr\u00e5 Markelin &amp; Co | Juristbyr\u00e5<\/title>\n<meta name=\"description\" content=\"Juridisk byr\u00e5 Markelin&amp;Co betj\u00e4nar dig p\u00e5 finska, svenska och engelska i Helsingfors, i hela huvudstadsregionen samt i Borg\u00e5 och Sibbo.\" \/>\n<meta name=\"robots\" content=\"index, follow, max-snippet:-1, max-image-preview:large, max-video-preview:-1\" \/>\n<link rel=\"canonical\" href=\"https:\/\/markelinco.fi\/\" \/>\n<meta property=\"og:locale\" content=\"sv_SE\" \/>\n<meta property=\"og:type\" content=\"article\" \/>\n<meta property=\"og:title\" content=\"Juridisk byr\u00e5 Markelin &amp; Co | Juristbyr\u00e5\" \/>\n<meta property=\"og:description\" content=\"Juridisk byr\u00e5 Markelin&amp;Co betj\u00e4nar dig p\u00e5 finska, svenska och engelska i Helsingfors, i hela huvudstadsregionen samt i Borg\u00e5 och Sibbo.\" \/>\n<meta property=\"og:url\" content=\"https:\/\/markelinco.fi\/\" \/>\n<meta property=\"og:site_name\" content=\"Markelin Co\" \/>\n<meta property=\"article:modified_time\" content=\"2026-02-03T21:27:58+00:00\" \/>\n<meta property=\"og:image\" content=\"https:\/\/markelinco.fi\/wp-content\/uploads\/elementor\/thumbs\/markelin-co-stamp-rimmy7tpcl8dw6nwd3xketwu6x7aajx7298h00jcrg.png\" \/>\n<meta name=\"twitter:card\" content=\"summary_large_image\" \/>\n<meta name=\"twitter:label1\" content=\"Ber\u00e4knad l\u00e4stid\" \/>\n\t<meta name=\"twitter:data1\" content=\"6 minuter\" \/>\n<script type=\"application\/ld+json\" class=\"yoast-schema-graph\">{\"@context\":\"https:\/\/schema.org\",\"@graph\":[{\"@type\":\"WebPage\",\"@id\":\"https:\/\/markelinco.fi\/\",\"url\":\"https:\/\/markelinco.fi\/\",\"name\":\"Juridisk byr\u00e5 Markelin & Co | Juristbyr\u00e5\",\"isPartOf\":{\"@id\":\"https:\/\/markelinco.fi\/#website\"},\"primaryImageOfPage\":{\"@id\":\"https:\/\/markelinco.fi\/#primaryimage\"},\"image\":{\"@id\":\"https:\/\/markelinco.fi\/#primaryimage\"},\"thumbnailUrl\":\"https:\/\/markelinco.fi\/wp-content\/uploads\/elementor\/thumbs\/markelin-co-stamp-rimmy7tpcl8dw6nwd3xketwu6x7aajx7298h00jcrg.png\",\"datePublished\":\"2024-01-20T06:53:08+00:00\",\"dateModified\":\"2026-02-03T21:27:58+00:00\",\"description\":\"Juridisk byr\u00e5 Markelin&Co betj\u00e4nar dig p\u00e5 finska, svenska och engelska i Helsingfors, i hela huvudstadsregionen samt i Borg\u00e5 och Sibbo.\",\"breadcrumb\":{\"@id\":\"https:\/\/markelinco.fi\/#breadcrumb\"},\"inLanguage\":\"sv-SE\",\"potentialAction\":[{\"@type\":\"ReadAction\",\"target\":[\"https:\/\/markelinco.fi\/\"]}]},{\"@type\":\"ImageObject\",\"inLanguage\":\"sv-SE\",\"@id\":\"https:\/\/markelinco.fi\/#primaryimage\",\"url\":\"https:\/\/markelinco.fi\/wp-content\/uploads\/elementor\/thumbs\/markelin-co-stamp-rimmy7tpcl8dw6nwd3xketwu6x7aajx7298h00jcrg.png\",\"contentUrl\":\"https:\/\/markelinco.fi\/wp-content\/uploads\/elementor\/thumbs\/markelin-co-stamp-rimmy7tpcl8dw6nwd3xketwu6x7aajx7298h00jcrg.png\"},{\"@type\":\"BreadcrumbList\",\"@id\":\"https:\/\/markelinco.fi\/#breadcrumb\",\"itemListElement\":[{\"@type\":\"ListItem\",\"position\":1,\"name\":\"Home\",\"item\":\"https:\/\/markelinco.fi\/\"},{\"@type\":\"ListItem\",\"position\":2,\"name\":\"Startsida\"}]},{\"@type\":\"WebSite\",\"@id\":\"https:\/\/markelinco.fi\/#website\",\"url\":\"https:\/\/markelinco.fi\/\",\"name\":\"Markelin Co\",\"description\":\"Lakiasiaintoimisto \/ Juridisk byr\u00e5\",\"potentialAction\":[{\"@type\":\"SearchAction\",\"target\":{\"@type\":\"EntryPoint\",\"urlTemplate\":\"https:\/\/markelinco.fi\/?s={search_term_string}\"},\"query-input\":{\"@type\":\"PropertyValueSpecification\",\"valueRequired\":true,\"valueName\":\"search_term_string\"}}],\"inLanguage\":\"sv-SE\"}]}<\/script>\n<!-- \/ Yoast SEO plugin. -->","yoast_head_json":{"title":"Juridisk byr\u00e5 Markelin & Co | Juristbyr\u00e5","description":"Juridisk byr\u00e5 Markelin&Co betj\u00e4nar dig p\u00e5 finska, svenska och engelska i Helsingfors, i hela huvudstadsregionen samt i Borg\u00e5 och Sibbo.","robots":{"index":"index","follow":"follow","max-snippet":"max-snippet:-1","max-image-preview":"max-image-preview:large","max-video-preview":"max-video-preview:-1"},"canonical":"https:\/\/markelinco.fi\/","og_locale":"sv_SE","og_type":"article","og_title":"Juridisk byr\u00e5 Markelin & Co | Juristbyr\u00e5","og_description":"Juridisk byr\u00e5 Markelin&Co betj\u00e4nar dig p\u00e5 finska, svenska och engelska i Helsingfors, i hela huvudstadsregionen samt i Borg\u00e5 och Sibbo.","og_url":"https:\/\/markelinco.fi\/","og_site_name":"Markelin Co","article_modified_time":"2026-02-03T21:27:58+00:00","og_image":[{"url":"https:\/\/markelinco.fi\/wp-content\/uploads\/elementor\/thumbs\/markelin-co-stamp-rimmy7tpcl8dw6nwd3xketwu6x7aajx7298h00jcrg.png","type":"","width":"","height":""}],"twitter_card":"summary_large_image","twitter_misc":{"Ber\u00e4knad l\u00e4stid":"6 minuter"},"schema":{"@context":"https:\/\/schema.org","@graph":[{"@type":"WebPage","@id":"https:\/\/markelinco.fi\/","url":"https:\/\/markelinco.fi\/","name":"Juridisk byr\u00e5 Markelin & Co | Juristbyr\u00e5","isPartOf":{"@id":"https:\/\/markelinco.fi\/#website"},"primaryImageOfPage":{"@id":"https:\/\/markelinco.fi\/#primaryimage"},"image":{"@id":"https:\/\/markelinco.fi\/#primaryimage"},"thumbnailUrl":"https:\/\/markelinco.fi\/wp-content\/uploads\/elementor\/thumbs\/markelin-co-stamp-rimmy7tpcl8dw6nwd3xketwu6x7aajx7298h00jcrg.png","datePublished":"2024-01-20T06:53:08+00:00","dateModified":"2026-02-03T21:27:58+00:00","description":"Juridisk byr\u00e5 Markelin&Co betj\u00e4nar dig p\u00e5 finska, svenska och engelska i Helsingfors, i hela huvudstadsregionen samt i Borg\u00e5 och Sibbo.","breadcrumb":{"@id":"https:\/\/markelinco.fi\/#breadcrumb"},"inLanguage":"sv-SE","potentialAction":[{"@type":"ReadAction","target":["https:\/\/markelinco.fi\/"]}]},{"@type":"ImageObject","inLanguage":"sv-SE","@id":"https:\/\/markelinco.fi\/#primaryimage","url":"https:\/\/markelinco.fi\/wp-content\/uploads\/elementor\/thumbs\/markelin-co-stamp-rimmy7tpcl8dw6nwd3xketwu6x7aajx7298h00jcrg.png","contentUrl":"https:\/\/markelinco.fi\/wp-content\/uploads\/elementor\/thumbs\/markelin-co-stamp-rimmy7tpcl8dw6nwd3xketwu6x7aajx7298h00jcrg.png"},{"@type":"BreadcrumbList","@id":"https:\/\/markelinco.fi\/#breadcrumb","itemListElement":[{"@type":"ListItem","position":1,"name":"Home","item":"https:\/\/markelinco.fi\/"},{"@type":"ListItem","position":2,"name":"Startsida"}]},{"@type":"WebSite","@id":"https:\/\/markelinco.fi\/#website","url":"https:\/\/markelinco.fi\/","name":"Markelin Co","description":"Lakiasiaintoimisto \/ Juridisk byr\u00e5","potentialAction":[{"@type":"SearchAction","target":{"@type":"EntryPoint","urlTemplate":"https:\/\/markelinco.fi\/?s={search_term_string}"},"query-input":{"@type":"PropertyValueSpecification","valueRequired":true,"valueName":"search_term_string"}}],"inLanguage":"sv-SE"}]}},"_links":{"self":[{"href":"https:\/\/markelinco.fi\/sv\/wp-json\/wp\/v2\/pages\/2669","targetHints":{"allow":["GET"]}}],"collection":[{"href":"https:\/\/markelinco.fi\/sv\/wp-json\/wp\/v2\/pages"}],"about":[{"href":"https:\/\/markelinco.fi\/sv\/wp-json\/wp\/v2\/types\/page"}],"author":[{"embeddable":true,"href":"https:\/\/markelinco.fi\/sv\/wp-json\/wp\/v2\/users\/2"}],"replies":[{"embeddable":true,"href":"https:\/\/markelinco.fi\/sv\/wp-json\/wp\/v2\/comments?post=2669"}],"version-history":[{"count":95,"href":"https:\/\/markelinco.fi\/sv\/wp-json\/wp\/v2\/pages\/2669\/revisions"}],"predecessor-version":[{"id":3496,"href":"https:\/\/markelinco.fi\/sv\/wp-json\/wp\/v2\/pages\/2669\/revisions\/3496"}],"wp:attachment":[{"href":"https:\/\/markelinco.fi\/sv\/wp-json\/wp\/v2\/media?parent=2669"}],"curies":[{"name":"wp","href":"https:\/\/api.w.org\/{rel}","templated":true}]}}